{"id":602,"date":"2023-02-23T19:06:57","date_gmt":"2023-02-23T19:06:57","guid":{"rendered":"https:\/\/www.buergerverein-ammerbuch.de\/bv\/?page_id=602"},"modified":"2023-02-23T19:06:57","modified_gmt":"2023-02-23T19:06:57","slug":"ammerbucher-heimatmuseumssammlung","status":"publish","type":"page","link":"https:\/\/www.buergerverein-ammerbuch.de\/bv\/ammerbucher-heimatmuseumssammlung\/","title":{"rendered":"Ammerbucher Heimatmuseumssammlung"},"content":{"rendered":"\n<p>Im n\u00f6rdlichen Fl\u00fcgel der Poltringer Schlossscheuer wird auf den unteren drei Ebenen die vor Jahrzehnten vom B\u00fcrgerverein Ammerbuch e.V. angelegte Objektsammlung f\u00fcr ein geplantes Ammerbucher Heimatmuseum aufbewahrt. Diese Sammlung wurde seit den etwa 80 er Jahren von vielen Spendern aus allen Ammerbucher Ortsteilen zusammengestellt. Mittlerweile hat der B\u00fcrgerverein f\u00fcr eine Erschlie\u00dfung der R\u00e4umlichkeiten, die der Gemerinde Ammerbuch geh\u00f6ren, mit einer Treppe und f\u00fcr Elektroinstallation gesorgt.<\/p>\n\n\n\n<p>Die Sammlung umfasst einige hundert Objekte. Dazu geh\u00f6ren landwirtschaftliche Werkzeuge und Ger\u00e4te, ganze Maschinen (z.B. <a href=\"https:\/\/www.buergerverein-ammerbuch.de\/bv\/historische-dreschaktion\/\" target=\"_blank\" rel=\"noopener\" title=\"\">Dreschmaschinen<\/a> aus den 50er und 20er Jahren, Garbenwagen, G\u00fcllewagen, oder Getreidereinigungsmaschinen), historische Einrichtungsgegenst\u00e4nde, M\u00f6bel, Fahrr\u00e4der, Motorrad, Haushaltsgegenst\u00e4nde, K\u00fcchenger\u00e4te, Kleidung, N\u00e4hmaschinen, Waschmaschinen sowie eine Schuhmacherwerkstatt.<\/p>\n\n\n\n<p>Auch dort zu besichtigen ist ein fast 4 m breites, vergr\u00f6\u00dfertes <a href=\"https:\/\/www.buergerverein-ammerbuch.de\/bv\/vernissage-panoramabild-ammertal-1695-%ef%bf%bc\/\" target=\"_blank\" rel=\"noopener\" title=\"\">Panoramabild<\/a> des Ammertals von Reusten bis Unterjesingen im Jahre 1695 und ein 1:20 <a href=\"https:\/\/www.buergerverein-ammerbuch.de\/bv\/neue-heimat-fuer-wasserschlossmodell\/\" target=\"_blank\" rel=\"noopener\" title=\"\">Modell des Wasserschlosses<\/a> von 1991.<\/p>\n\n\n\n<p>Die Museumssammlung ist bei <a href=\"https:\/\/www.buergerverein-ammerbuch.de\/bv\/videos-buergervereinsaktivitaeten-2018-21\/\" target=\"_blank\" rel=\"noopener\" title=\"\">Veranstaltungen<\/a> des B\u00fcrgervereins oder <a href=\"https:\/\/www.buergerverein-ammerbuch.de\/bv\/kontakt\/\" target=\"_blank\" rel=\"noopener\" title=\"\">auf Anmeldung<\/a> besichtigbar.<\/p>\n","protected":false},"excerpt":{"rendered":"<p>Im n\u00f6rdlichen Fl\u00fcgel der Poltringer Schlossscheuer wird auf den unteren drei Ebenen die vor Jahrzehnten vom B\u00fcrgerverein Ammerbuch e.V. angelegte Objektsammlung f\u00fcr ein geplantes Ammerbucher Heimatmuseum aufbewahrt. Diese Sammlung wurde seit den etwa 80 er Jahren von vielen Spendern aus&#8230; <a class=\"more-link\" href=\"https:\/\/www.buergerverein-ammerbuch.de\/bv\/ammerbucher-heimatmuseumssammlung\/\">Weiterlesen &rarr;<\/a><\/p>\n","protected":false},"author":3,"featured_media":603,"parent":0,"menu_order":0,"comment_status":"closed","ping_status":"closed","template":"","meta":{"footnotes":""},"class_list":["post-602","page","type-page","status-publish","has-post-thumbnail","hentry"],"_links":{"self":[{"href":"https:\/\/www.buergerverein-ammerbuch.de\/bv\/wp-json\/wp\/v2\/pages\/602","targetHints":{"allow":["GET"]}}],"collection":[{"href":"https:\/\/www.buergerverein-ammerbuch.de\/bv\/wp-json\/wp\/v2\/pages"}],"about":[{"href":"https:\/\/www.buergerverein-ammerbuch.de\/bv\/wp-json\/wp\/v2\/types\/page"}],"author":[{"embeddable":true,"href":"https:\/\/www.buergerverein-ammerbuch.de\/bv\/wp-json\/wp\/v2\/users\/3"}],"replies":[{"embeddable":true,"href":"https:\/\/www.buergerverein-ammerbuch.de\/bv\/wp-json\/wp\/v2\/comments?post=602"}],"version-history":[{"count":1,"href":"https:\/\/www.buergerverein-ammerbuch.de\/bv\/wp-json\/wp\/v2\/pages\/602\/revisions"}],"predecessor-version":[{"id":605,"href":"https:\/\/www.buergerverein-ammerbuch.de\/bv\/wp-json\/wp\/v2\/pages\/602\/revisions\/605"}],"wp:featuredmedia":[{"embeddable":true,"href":"https:\/\/www.buergerverein-ammerbuch.de\/bv\/wp-json\/wp\/v2\/media\/603"}],"wp:attachment":[{"href":"https:\/\/www.buergerverein-ammerbuch.de\/bv\/wp-json\/wp\/v2\/media?parent=602"}],"curies":[{"name":"wp","href":"https:\/\/api.w.org\/{rel}","templated":true}]}}